{"id":600,"date":"2017-02-02T12:27:56","date_gmt":"2017-02-02T12:27:56","guid":{"rendered":"http:\/\/test.kriesi.at\/enfold-2017\/?page_id=600"},"modified":"2022-07-26T13:35:03","modified_gmt":"2022-07-26T16:35:03","slug":"blog-arquitetura-e-paisagismo","status":"publish","type":"page","link":"https:\/\/archscape.com.br\/2024\/blog-arquitetura-e-paisagismo\/","title":{"rendered":"Blog"},"content":{"rendered":"\n<style type=\"text\/css\" data-created_by=\"avia_inline_auto\" id=\"style-css-av-12xpvs-7a463d5db5f86e16be06056e7074dc32\">\n.avia-section.av-12xpvs-7a463d5db5f86e16be06056e7074dc32{\nbackground-repeat:no-repeat;\nbackground-image:url(https:\/\/archscape.com.br\/2024\/wp-content\/uploads\/2021\/02\/Casa-de-campo-300x186.jpg);\nbackground-position:50% 0%;\nbackground-attachment:scroll;\n}\n.avia-section.av-12xpvs-7a463d5db5f86e16be06056e7074dc32 .av-section-color-overlay{\nopacity:0.6;\nbackground-color:#000000;\n}\n<\/style>\n<div id='av_section_1'  class='avia-section av-12xpvs-7a463d5db5f86e16be06056e7074dc32 main_color avia-section-huge avia-no-shadow  avia-builder-el-0  el_before_av_blog  avia-builder-el-first  avia-full-stretch avia-bg-style-scroll av-section-color-overlay-active container_wrap sidebar_right'  data-section-bg-repeat='stretch'><div class=\"av-section-color-overlay-wrap\"><div class=\"av-section-color-overlay\"><\/div><div class='container av-section-cont-open' ><main  role=\"main\" itemprop=\"mainContentOfPage\"  class='template-page content  av-content-small alpha units'><div class='post-entry post-entry-type-page post-entry-600'><div class='entry-content-wrapper clearfix'>\n\n<style type=\"text\/css\" data-created_by=\"avia_inline_auto\" id=\"style-css-av-kn7fc3kp-85b0db4c9d4c5a6477a418cf9449bb97\">\n#top .av-special-heading.av-kn7fc3kp-85b0db4c9d4c5a6477a418cf9449bb97{\npadding-bottom:0;\ncolor:#ffffff;\nfont-size:40px;\n}\nbody .av-special-heading.av-kn7fc3kp-85b0db4c9d4c5a6477a418cf9449bb97 .av-special-heading-tag .heading-char{\nfont-size:25px;\n}\n#top #wrap_all .av-special-heading.av-kn7fc3kp-85b0db4c9d4c5a6477a418cf9449bb97 .av-special-heading-tag{\nfont-size:40px;\n}\n.av-special-heading.av-kn7fc3kp-85b0db4c9d4c5a6477a418cf9449bb97 .special-heading-inner-border{\nborder-color:#ffffff;\n}\n.av-special-heading.av-kn7fc3kp-85b0db4c9d4c5a6477a418cf9449bb97 .av-subheading{\nfont-size:15px;\n}\n\n@media only screen and (min-width: 480px) and (max-width: 767px){ \n#top #wrap_all .av-special-heading.av-kn7fc3kp-85b0db4c9d4c5a6477a418cf9449bb97 .av-special-heading-tag{\nfont-size:0.8em;\n}\n}\n\n@media only screen and (max-width: 479px){ \n#top #wrap_all .av-special-heading.av-kn7fc3kp-85b0db4c9d4c5a6477a418cf9449bb97 .av-special-heading-tag{\nfont-size:0.8em;\n}\n}\n<\/style>\n<div  class='av-special-heading av-kn7fc3kp-85b0db4c9d4c5a6477a418cf9449bb97 av-special-heading-h1 custom-color-heading blockquote modern-quote modern-centered  avia-builder-el-1  el_before_av_hr  avia-builder-el-first  av-inherit-size'><h1 class='av-special-heading-tag'  itemprop=\"headline\"  >Blog da Archscape<br \/>\nIdeias arquitetadas para inspirar<\/h1><div class=\"special-heading-border\"><div class=\"special-heading-inner-border\"><\/div><\/div><\/div>\n\n<style type=\"text\/css\" data-created_by=\"avia_inline_auto\" id=\"style-css-av-s8vps-5b9a007b3f8c22093bca4cb6f0cf2a51\">\n#top .hr.av-s8vps-5b9a007b3f8c22093bca4cb6f0cf2a51{\nmargin-top:30px;\nmargin-bottom:30px;\n}\n.hr.av-s8vps-5b9a007b3f8c22093bca4cb6f0cf2a51 .hr-inner{\nwidth:50px;\nborder-color:#ffffff;\n}\n<\/style>\n<div  class='hr av-s8vps-5b9a007b3f8c22093bca4cb6f0cf2a51 hr-custom  avia-builder-el-2  el_after_av_heading  avia-builder-el-last  hr-center hr-icon-no'><span class='hr-inner inner-border-av-border-fat'><span class=\"hr-inner-style\"><\/span><\/span><\/div>\n<\/div><\/div><\/main><!-- close content main element --><\/div><\/div><\/div><div id='after_section_1'  class='main_color av_default_container_wrap container_wrap sidebar_right'  ><div class='container av-section-cont-open' ><div class='template-page content  av-content-small alpha units'><div class='post-entry post-entry-type-page post-entry-600'><div class='entry-content-wrapper clearfix'>\n<div  class='av-alb-blogposts template-blog  av-blog-meta-html-info-disabled '  itemscope=\"itemscope\" itemtype=\"https:\/\/schema.org\/Blog\" ><article class=\"post-entry post-entry-type-standard post-entry-9330 post-loop-1 post-parity-odd single-big with-slider post-9330 post type-post status-publish format-standard has-post-thumbnail hentry category-arquitetura\"  itemscope=\"itemscope\" itemtype=\"https:\/\/schema.org\/BlogPosting\" ><div class=\"blog-meta\"><\/div><div class='entry-content-wrapper clearfix standard-content'><header class=\"entry-content-header\"><div class=\"av-heading-wrapper\"><h2 class='post-title entry-title '  itemprop=\"headline\" ><a href=\"https:\/\/archscape.com.br\/2024\/mudancas-climaticas-arquitetura-paisagismo-efeito\/\" rel=\"bookmark\" title=\"Link permanente: Mudan\u00e7as Clim\u00e1ticas: Como arquitetura e paisagismo podem amenizar seus efeitos?\">Mudan\u00e7as Clim\u00e1ticas: Como arquitetura e paisagismo podem amenizar seus efeitos?<span class=\"post-format-icon minor-meta\"><\/span><\/a><\/h2><span class=\"blog-categories minor-meta\"><a href=\"https:\/\/archscape.com.br\/2024\/category\/arquitetura\/\" rel=\"tag\">Arquitetura<\/a><\/span><\/div><\/header><span class=\"av-vertical-delimiter\"><\/span><div class=\"big-preview single-big\"  itemprop=\"image\" itemscope=\"itemscope\" itemtype=\"https:\/\/schema.org\/ImageObject\" ><a href=\"https:\/\/archscape.com.br\/2024\/mudancas-climaticas-arquitetura-paisagismo-efeito\/\" title=\"arquitetura-mudanc\u0327as-climaticas\"><img decoding=\"async\" loading=\"lazy\" width=\"845\" height=\"321\" src=\"https:\/\/archscape.com.br\/2024\/wp-content\/uploads\/2023\/11\/arquitetura-mudanc\u0327as-climaticas-845x321.jpeg\" class=\"wp-image-9334 avia-img-lazy-loading-9334 attachment-entry_with_sidebar size-entry_with_sidebar wp-post-image\" alt=\"ilustra\u00e7ao para efeitos das mudan\u00e7as clim\u00e1ticas\" \/><\/a><\/div><div class=\"entry-content\"  itemprop=\"text\" ><p>Tem sido not\u00f3rio que as mudan\u00e7as clim\u00e1ticas no planeta est\u00e3o cada vez mais extremas: temperaturas batendo recordes, enchentes, secas, ciclones onde n\u00e3o havia; enfim, os sinais s\u00e3o muito claros. Por mais que alguns neguem, esses eventos s\u00e3o consequ\u00eancia direta da a\u00e7\u00e3o predat\u00f3ria do ser humano no meio ambiente. E as cidades s\u00e3o o principal palco [&hellip;]<\/p>\n<\/div><span class=\"post-meta-infos\"><time class=\"date-container minor-meta updated\"  itemprop=\"datePublished\" datetime=\"2023-11-21T12:02:44-03:00\" >21 de novembro de 2023<\/time><span class=\"text-sep\">\/<\/span><span class=\"blog-author minor-meta\">por <span class=\"entry-author-link\"  itemprop=\"author\" ><span class=\"author\"><span class=\"fn\"><a href=\"https:\/\/archscape.com.br\/2024\/author\/archscape\/\" title=\"Posts de archscape\" rel=\"author\">archscape<\/a><\/span><\/span><\/span><\/span><\/span><footer class=\"entry-footer\"><\/footer><div class='post_delimiter'><\/div><\/div><div class=\"post_author_timeline\"><\/div><span class='hidden'>\n\t\t\t\t<span class='av-structured-data'  itemprop=\"image\" itemscope=\"itemscope\" itemtype=\"https:\/\/schema.org\/ImageObject\" >\n\t\t\t\t\t\t<span itemprop='url'>https:\/\/archscape.com.br\/2024\/wp-content\/uploads\/2023\/11\/arquitetura-mudanc\u0327as-climaticas.jpeg<\/span>\n\t\t\t\t\t\t<span itemprop='height'>683<\/span>\n\t\t\t\t\t\t<span itemprop='width'>1024<\/span>\n\t\t\t\t<\/span>\n\t\t\t\t<span class='av-structured-data'  itemprop=\"publisher\" itemtype=\"https:\/\/schema.org\/Organization\" itemscope=\"itemscope\" >\n\t\t\t\t\t\t<span itemprop='name'>archscape<\/span>\n\t\t\t\t\t\t<span itemprop='logo' itemscope itemtype='https:\/\/schema.org\/ImageObject'>\n\t\t\t\t\t\t\t<span itemprop='url'>https:\/\/archscape.com.br\/2024\/wp-content\/uploads\/2019\/12\/logo-archscape-preto-300x127.png<\/span>\n\t\t\t\t\t\t<\/span>\n\t\t\t\t<\/span><span class='av-structured-data'  itemprop=\"author\" itemscope=\"itemscope\" itemtype=\"https:\/\/schema.org\/Person\" ><span itemprop='name'>archscape<\/span><\/span><span class='av-structured-data'  itemprop=\"datePublished\" datetime=\"2023-11-21T12:02:44-03:00\" >2023-11-21 12:02:44<\/span><span class='av-structured-data'  itemprop=\"dateModified\" itemtype=\"https:\/\/schema.org\/dateModified\" >2023-11-21 12:02:44<\/span><span class='av-structured-data'  itemprop=\"mainEntityOfPage\" itemtype=\"https:\/\/schema.org\/mainEntityOfPage\" ><span itemprop='name'>Mudan\u00e7as Clim\u00e1ticas: Como arquitetura e paisagismo podem amenizar seus efeitos?<\/span><\/span><\/span><\/article><article class=\"post-entry post-entry-type-standard post-entry-9281 post-loop-2 post-parity-even single-big with-slider post-9281 post type-post status-publish format-standard has-post-thumbnail hentry category-arquitetura\"  itemscope=\"itemscope\" itemtype=\"https:\/\/schema.org\/BlogPosting\" ><div class=\"blog-meta\"><\/div><div class='entry-content-wrapper clearfix standard-content'><header class=\"entry-content-header\"><div class=\"av-heading-wrapper\"><h2 class='post-title entry-title '  itemprop=\"headline\" ><a href=\"https:\/\/archscape.com.br\/2024\/norma-nbr-de-paisagismo-sobre-escadas\/\" rel=\"bookmark\" title=\"Link permanente: O que a Norma NBR de Paisagismo traz de novidades sobre escadas\">O que a Norma NBR de Paisagismo traz de novidades sobre escadas<span class=\"post-format-icon minor-meta\"><\/span><\/a><\/h2><span class=\"blog-categories minor-meta\"><a href=\"https:\/\/archscape.com.br\/2024\/category\/arquitetura\/\" rel=\"tag\">Arquitetura<\/a><\/span><\/div><\/header><span class=\"av-vertical-delimiter\"><\/span><div class=\"big-preview single-big\"  itemprop=\"image\" itemscope=\"itemscope\" itemtype=\"https:\/\/schema.org\/ImageObject\" ><a href=\"https:\/\/archscape.com.br\/2024\/norma-nbr-de-paisagismo-sobre-escadas\/\" title=\"Norma NBR de Paisagismo\"><img decoding=\"async\" loading=\"lazy\" width=\"845\" height=\"321\" src=\"https:\/\/archscape.com.br\/2024\/wp-content\/uploads\/2023\/11\/WhatsApp-Image-2023-11-12-at-19.33.14-845x321.jpeg\" class=\"wp-image-9282 avia-img-lazy-loading-9282 attachment-entry_with_sidebar size-entry_with_sidebar wp-post-image\" alt=\"Norma NBR de Paisagismo\" \/><\/a><\/div><div class=\"entry-content\"  itemprop=\"text\" ><p>Desde o in\u00edcio do curso de arquitetura , o arquiteto aprende a famosa \u201cformula de Blondel\u201d para calcular uma escada: 2h+p=63, ou 63&lt;2h+p&lt;65, onde \u201ch\u201d \u00e9 o desn\u00edvel do degrau e \u201cp\u201d \u00e9 o comprimento do degrau. Contudo, poucos sabem de onde surgiu a famosa f\u00f3rmula e muito menos as implica\u00e7\u00f5es para os ambientes externos. [&hellip;]<\/p>\n<\/div><span class=\"post-meta-infos\"><time class=\"date-container minor-meta updated\"  itemprop=\"datePublished\" datetime=\"2023-11-14T10:39:25-03:00\" >14 de novembro de 2023<\/time><span class=\"text-sep\">\/<\/span><span class=\"blog-author minor-meta\">por <span class=\"entry-author-link\"  itemprop=\"author\" ><span class=\"author\"><span class=\"fn\"><a href=\"https:\/\/archscape.com.br\/2024\/author\/archscape\/\" title=\"Posts de archscape\" rel=\"author\">archscape<\/a><\/span><\/span><\/span><\/span><\/span><footer class=\"entry-footer\"><\/footer><div class='post_delimiter'><\/div><\/div><div class=\"post_author_timeline\"><\/div><span class='hidden'>\n\t\t\t\t<span class='av-structured-data'  itemprop=\"image\" itemscope=\"itemscope\" itemtype=\"https:\/\/schema.org\/ImageObject\" >\n\t\t\t\t\t\t<span itemprop='url'>https:\/\/archscape.com.br\/2024\/wp-content\/uploads\/2023\/11\/WhatsApp-Image-2023-11-12-at-19.33.14.jpeg<\/span>\n\t\t\t\t\t\t<span itemprop='height'>768<\/span>\n\t\t\t\t\t\t<span itemprop='width'>1024<\/span>\n\t\t\t\t<\/span>\n\t\t\t\t<span class='av-structured-data'  itemprop=\"publisher\" itemtype=\"https:\/\/schema.org\/Organization\" itemscope=\"itemscope\" >\n\t\t\t\t\t\t<span itemprop='name'>archscape<\/span>\n\t\t\t\t\t\t<span itemprop='logo' itemscope itemtype='https:\/\/schema.org\/ImageObject'>\n\t\t\t\t\t\t\t<span itemprop='url'>https:\/\/archscape.com.br\/2024\/wp-content\/uploads\/2019\/12\/logo-archscape-preto-300x127.png<\/span>\n\t\t\t\t\t\t<\/span>\n\t\t\t\t<\/span><span class='av-structured-data'  itemprop=\"author\" itemscope=\"itemscope\" itemtype=\"https:\/\/schema.org\/Person\" ><span itemprop='name'>archscape<\/span><\/span><span class='av-structured-data'  itemprop=\"datePublished\" datetime=\"2023-11-14T10:39:25-03:00\" >2023-11-14 10:39:25<\/span><span class='av-structured-data'  itemprop=\"dateModified\" itemtype=\"https:\/\/schema.org\/dateModified\" >2023-11-14 10:39:25<\/span><span class='av-structured-data'  itemprop=\"mainEntityOfPage\" itemtype=\"https:\/\/schema.org\/mainEntityOfPage\" ><span itemprop='name'>O que a Norma NBR de Paisagismo traz de novidades sobre escadas<\/span><\/span><\/span><\/article><article class=\"post-entry post-entry-type-standard post-entry-9247 post-loop-3 post-parity-odd single-big with-slider post-9247 post type-post status-publish format-standard has-post-thumbnail hentry category-geral category-paisagismo\"  itemscope=\"itemscope\" itemtype=\"https:\/\/schema.org\/BlogPosting\" ><div class=\"blog-meta\"><\/div><div class='entry-content-wrapper clearfix standard-content'><header class=\"entry-content-header\"><div class=\"av-heading-wrapper\"><h2 class='post-title entry-title '  itemprop=\"headline\" ><a href=\"https:\/\/archscape.com.br\/2024\/compatibilizacao-de-paisagismo-necessita-de-conhecimento\/\" rel=\"bookmark\" title=\"Link permanente: Compatibiliza\u00e7\u00e3o de paisagismo necessita conhecimento espec\u00edfico\">Compatibiliza\u00e7\u00e3o de paisagismo necessita conhecimento espec\u00edfico<span class=\"post-format-icon minor-meta\"><\/span><\/a><\/h2><span class=\"blog-categories minor-meta\"><a href=\"https:\/\/archscape.com.br\/2024\/category\/geral\/\" rel=\"tag\">geral<\/a>, <a href=\"https:\/\/archscape.com.br\/2024\/category\/paisagismo\/\" rel=\"tag\">Paisagismo<\/a><\/span><\/div><\/header><span class=\"av-vertical-delimiter\"><\/span><div class=\"big-preview single-big\"  itemprop=\"image\" itemscope=\"itemscope\" itemtype=\"https:\/\/schema.org\/ImageObject\" ><a href=\"https:\/\/archscape.com.br\/2024\/compatibilizacao-de-paisagismo-necessita-de-conhecimento\/\" title=\"Compatibiliza\u00e7\u00e3o de paisagismo - archscape\"><img decoding=\"async\" loading=\"lazy\" width=\"845\" height=\"321\" src=\"https:\/\/archscape.com.br\/2024\/wp-content\/uploads\/2023\/11\/Compatibilizacao-de-paisagismo-archscape-845x321.jpg\" class=\"wp-image-9260 avia-img-lazy-loading-9260 attachment-entry_with_sidebar size-entry_with_sidebar wp-post-image\" alt=\"Compatibiliza\u00e7\u00e3o de paisagismo - archscape\" \/><\/a><\/div><div class=\"entry-content\"  itemprop=\"text\" ><p>Compatibiliza\u00e7\u00e3o: essa palavra por vezes desconhecida para o p\u00fablico leigo, representa na verdade uma quest\u00e3o fundamental na constru\u00e7\u00e3o civil. Devido \u00e0 complexidade atual dos sistemas dentro da arquitetura e dos processos construtivos, a compatibiliza\u00e7\u00e3o construtiva entre as especialidades \u00e9 fundamental para a viabilidade econ\u00f4mica dos empreendimentos. Esta atividade corresponde, numa explica\u00e7\u00e3o simples, da verifica\u00e7\u00e3o cont\u00ednua [&hellip;]<\/p>\n<\/div><span class=\"post-meta-infos\"><time class=\"date-container minor-meta updated\"  itemprop=\"datePublished\" datetime=\"2023-11-08T09:37:42-03:00\" >8 de novembro de 2023<\/time><span class=\"text-sep\">\/<\/span><span class=\"blog-author minor-meta\">por <span class=\"entry-author-link\"  itemprop=\"author\" ><span class=\"author\"><span class=\"fn\"><a href=\"https:\/\/archscape.com.br\/2024\/author\/archscape\/\" title=\"Posts de archscape\" rel=\"author\">archscape<\/a><\/span><\/span><\/span><\/span><\/span><footer class=\"entry-footer\"><\/footer><div class='post_delimiter'><\/div><\/div><div class=\"post_author_timeline\"><\/div><span class='hidden'>\n\t\t\t\t<span class='av-structured-data'  itemprop=\"image\" itemscope=\"itemscope\" itemtype=\"https:\/\/schema.org\/ImageObject\" >\n\t\t\t\t\t\t<span itemprop='url'>https:\/\/archscape.com.br\/2024\/wp-content\/uploads\/2023\/11\/Compatibilizacao-de-paisagismo-archscape.jpg<\/span>\n\t\t\t\t\t\t<span itemprop='height'>1600<\/span>\n\t\t\t\t\t\t<span itemprop='width'>1200<\/span>\n\t\t\t\t<\/span>\n\t\t\t\t<span class='av-structured-data'  itemprop=\"publisher\" itemtype=\"https:\/\/schema.org\/Organization\" itemscope=\"itemscope\" >\n\t\t\t\t\t\t<span itemprop='name'>archscape<\/span>\n\t\t\t\t\t\t<span itemprop='logo' itemscope itemtype='https:\/\/schema.org\/ImageObject'>\n\t\t\t\t\t\t\t<span itemprop='url'>https:\/\/archscape.com.br\/2024\/wp-content\/uploads\/2019\/12\/logo-archscape-preto-300x127.png<\/span>\n\t\t\t\t\t\t<\/span>\n\t\t\t\t<\/span><span class='av-structured-data'  itemprop=\"author\" itemscope=\"itemscope\" itemtype=\"https:\/\/schema.org\/Person\" ><span itemprop='name'>archscape<\/span><\/span><span class='av-structured-data'  itemprop=\"datePublished\" datetime=\"2023-11-08T09:37:42-03:00\" >2023-11-08 09:37:42<\/span><span class='av-structured-data'  itemprop=\"dateModified\" itemtype=\"https:\/\/schema.org\/dateModified\" >2023-11-10 14:06:54<\/span><span class='av-structured-data'  itemprop=\"mainEntityOfPage\" itemtype=\"https:\/\/schema.org\/mainEntityOfPage\" ><span itemprop='name'>Compatibiliza\u00e7\u00e3o de paisagismo necessita conhecimento espec\u00edfico<\/span><\/span><\/span><\/article><article class=\"post-entry post-entry-type-standard post-entry-9085 post-loop-4 post-parity-even post-entry-last single-big with-slider post-9085 post type-post status-publish format-standard has-post-thumbnail hentry category-geral\"  itemscope=\"itemscope\" itemtype=\"https:\/\/schema.org\/BlogPosting\" ><div class=\"blog-meta\"><\/div><div class='entry-content-wrapper clearfix standard-content'><header class=\"entry-content-header\"><div class=\"av-heading-wrapper\"><h2 class='post-title entry-title '  itemprop=\"headline\" ><a href=\"https:\/\/archscape.com.br\/2024\/urbanismo-em-berlim-o-exemplo-de-urbanismo-de-qualidade\/\" rel=\"bookmark\" title=\"Link permanente: Urbanismo em Berlim: O Exemplo de Urbanismo de Qualidade\">Urbanismo em Berlim: O Exemplo de Urbanismo de Qualidade<span class=\"post-format-icon minor-meta\"><\/span><\/a><\/h2><span class=\"blog-categories minor-meta\"><a href=\"https:\/\/archscape.com.br\/2024\/category\/geral\/\" rel=\"tag\">geral<\/a><\/span><\/div><\/header><span class=\"av-vertical-delimiter\"><\/span><div class=\"big-preview single-big\"  itemprop=\"image\" itemscope=\"itemscope\" itemtype=\"https:\/\/schema.org\/ImageObject\" ><a href=\"https:\/\/archscape.com.br\/2024\/urbanismo-em-berlim-o-exemplo-de-urbanismo-de-qualidade\/\" title=\"exemplo-de-urbanismo-berlim2\"><img decoding=\"async\" loading=\"lazy\" width=\"845\" height=\"321\" src=\"https:\/\/archscape.com.br\/2024\/wp-content\/uploads\/2023\/09\/exemplo-de-urbanismo-berlim2-845x321.jpeg\" class=\"wp-image-9090 avia-img-lazy-loading-9090 attachment-entry_with_sidebar size-entry_with_sidebar wp-post-image\" alt=\"\" \/><\/a><\/div><div class=\"entry-content\"  itemprop=\"text\" ><p>Ao explorar o urbanismo em Berlim, somos imersos em um exemplo extraordin\u00e1rio de qualidade de vida urbana. Berlim, a capital alem\u00e3, \u00e9 uma cidade que se destaca n\u00e3o apenas por sua arquitetura impressionante e hist\u00f3ria rica, mas tamb\u00e9m por seus espa\u00e7os p\u00fablicos bem planejados que promovem o bem-estar de seus habitantes. \u00a0Um Passeio pelas Cal\u00e7adas [&hellip;]<\/p>\n<\/div><span class=\"post-meta-infos\"><time class=\"date-container minor-meta updated\"  itemprop=\"datePublished\" datetime=\"2023-09-29T10:05:09-03:00\" >29 de setembro de 2023<\/time><span class=\"text-sep\">\/<\/span><span class=\"blog-author minor-meta\">por <span class=\"entry-author-link\"  itemprop=\"author\" ><span class=\"author\"><span class=\"fn\"><a href=\"https:\/\/archscape.com.br\/2024\/author\/archscape\/\" title=\"Posts de archscape\" rel=\"author\">archscape<\/a><\/span><\/span><\/span><\/span><\/span><footer class=\"entry-footer\"><\/footer><div class='post_delimiter'><\/div><\/div><div class=\"post_author_timeline\"><\/div><span class='hidden'>\n\t\t\t\t<span class='av-structured-data'  itemprop=\"image\" itemscope=\"itemscope\" itemtype=\"https:\/\/schema.org\/ImageObject\" >\n\t\t\t\t\t\t<span itemprop='url'>https:\/\/archscape.com.br\/2024\/wp-content\/uploads\/2023\/09\/exemplo-de-urbanismo-berlim2.jpeg<\/span>\n\t\t\t\t\t\t<span itemprop='height'>1200<\/span>\n\t\t\t\t\t\t<span itemprop='width'>1600<\/span>\n\t\t\t\t<\/span>\n\t\t\t\t<span class='av-structured-data'  itemprop=\"publisher\" itemtype=\"https:\/\/schema.org\/Organization\" itemscope=\"itemscope\" >\n\t\t\t\t\t\t<span itemprop='name'>archscape<\/span>\n\t\t\t\t\t\t<span itemprop='logo' itemscope itemtype='https:\/\/schema.org\/ImageObject'>\n\t\t\t\t\t\t\t<span itemprop='url'>https:\/\/archscape.com.br\/2024\/wp-content\/uploads\/2019\/12\/logo-archscape-preto-300x127.png<\/span>\n\t\t\t\t\t\t<\/span>\n\t\t\t\t<\/span><span class='av-structured-data'  itemprop=\"author\" itemscope=\"itemscope\" itemtype=\"https:\/\/schema.org\/Person\" ><span itemprop='name'>archscape<\/span><\/span><span class='av-structured-data'  itemprop=\"datePublished\" datetime=\"2023-09-29T10:05:09-03:00\" >2023-09-29 10:05:09<\/span><span class='av-structured-data'  itemprop=\"dateModified\" itemtype=\"https:\/\/schema.org\/dateModified\" >2023-09-29 10:09:38<\/span><span class='av-structured-data'  itemprop=\"mainEntityOfPage\" itemtype=\"https:\/\/schema.org\/mainEntityOfPage\" ><span itemprop='name'>Urbanismo em Berlim: O Exemplo de Urbanismo de Qualidade<\/span><\/span><\/span><\/article><\/div>\n<div  data-slideshow-options=\"{&quot;animation&quot;:&quot;fade&quot;,&quot;autoplay&quot;:false,&quot;loop_autoplay&quot;:&quot;once&quot;,&quot;interval&quot;:5,&quot;loop_manual&quot;:&quot;manual-endless&quot;,&quot;autoplay_stopper&quot;:false,&quot;noNavigation&quot;:false,&quot;show_slide_delay&quot;:90}\" class='avia-content-slider avia-content-grid-active avia-content-slider1 avia-content-slider-even  av-slideshow-ui av-control-default   av-no-slider-navigation av-slideshow-manual av-loop-once av-loop-manual-endless '  itemscope=\"itemscope\" itemtype=\"https:\/\/schema.org\/Blog\" ><div class=\"avia-content-slider-inner\"><div class=\"slide-entry-wrap\"><article class='slide-entry flex_column  post-entry post-entry-9041 slide-entry-overview slide-loop-1 slide-parity-odd  av_one_half first real-thumbnail posttype-post post-format-standard'  itemscope=\"itemscope\" itemtype=\"https:\/\/schema.org\/BlogPosting\" itemprop=\"blogPost\" ><a href=\"https:\/\/archscape.com.br\/2024\/norma-brasileira-sobre-paisagismo-e-promulgada\/\" data-rel=\"slide-1\" class=\"slide-image\" title=\"Norma Brasileira sobre Paisagismo \u00e9 promulgada e passa a valer em todo o pa\u00eds\"><img decoding=\"async\" fetchpriority=\"high\" width=\"495\" height=\"400\" src=\"https:\/\/archscape.com.br\/2024\/wp-content\/uploads\/2023\/09\/ABNT-paisagismo-495x400.jpeg\" class=\"wp-image-9049 avia-img-lazy-loading-not-9049 attachment-portfolio size-portfolio wp-post-image\" alt=\"ABNT-paisagismo\" srcset=\"https:\/\/archscape.com.br\/2024\/wp-content\/uploads\/2023\/09\/ABNT-paisagismo-495x400.jpeg 495w, https:\/\/archscape.com.br\/2024\/wp-content\/uploads\/2023\/09\/ABNT-paisagismo-845x684.jpeg 845w\" sizes=\"(max-width: 495px) 100vw, 495px\" \/><\/a><div class=\"slide-content\"><header class=\"entry-content-header\"><h3 class='slide-entry-title entry-title '  itemprop=\"headline\" ><a href=\"https:\/\/archscape.com.br\/2024\/norma-brasileira-sobre-paisagismo-e-promulgada\/\" title=\"Norma Brasileira sobre Paisagismo \u00e9 promulgada e passa a valer em todo o pa\u00eds\">Norma Brasileira sobre Paisagismo \u00e9 promulgada e passa a valer em todo o pa\u00eds<\/a><\/h3><span class=\"blog-categories minor-meta\"><a href=\"https:\/\/archscape.com.br\/2024\/category\/arquitetura\/\" rel=\"tag\">Arquitetura<\/a> <\/span><span class=\"av-vertical-delimiter\"><\/span><\/header><div class='slide-entry-excerpt entry-content'  itemprop=\"text\" >A ABNT (Associa\u00e7\u00e3o Brasileira de Normas T\u00e9cnicas) acaba de publicar a parte 4 da NBR-16.636, uma norma brasileira que descreve e organiza as atividades t\u00e9cnicas envolvidas no desenvolvimento do projeto de arquitetura paisag\u00edstica. Esta\u2026<\/div><\/div><footer class=\"entry-footer\"><div class=\"slide-meta\"><time class='slide-meta-time updated'  itemprop=\"datePublished\" datetime=\"2023-09-13T10:40:17-03:00\" >13 de setembro de 2023<\/time><\/div><\/footer><span class='hidden'>\n\t\t\t\t<span class='av-structured-data'  itemprop=\"image\" itemscope=\"itemscope\" itemtype=\"https:\/\/schema.org\/ImageObject\" >\n\t\t\t\t\t\t<span itemprop='url'>https:\/\/archscape.com.br\/2024\/wp-content\/uploads\/2023\/09\/ABNT-paisagismo.jpeg<\/span>\n\t\t\t\t\t\t<span itemprop='height'>1200<\/span>\n\t\t\t\t\t\t<span itemprop='width'>1600<\/span>\n\t\t\t\t<\/span>\n\t\t\t\t<span class='av-structured-data'  itemprop=\"publisher\" itemtype=\"https:\/\/schema.org\/Organization\" itemscope=\"itemscope\" >\n\t\t\t\t\t\t<span itemprop='name'>archscape<\/span>\n\t\t\t\t\t\t<span itemprop='logo' itemscope itemtype='https:\/\/schema.org\/ImageObject'>\n\t\t\t\t\t\t\t<span itemprop='url'>https:\/\/archscape.com.br\/2024\/wp-content\/uploads\/2019\/12\/logo-archscape-preto-300x127.png<\/span>\n\t\t\t\t\t\t<\/span>\n\t\t\t\t<\/span><span class='av-structured-data'  itemprop=\"author\" itemscope=\"itemscope\" itemtype=\"https:\/\/schema.org\/Person\" ><span itemprop='name'>archscape<\/span><\/span><span class='av-structured-data'  itemprop=\"datePublished\" datetime=\"2023-09-29T10:05:09-03:00\" >2023-09-13 10:40:17<\/span><span class='av-structured-data'  itemprop=\"dateModified\" itemtype=\"https:\/\/schema.org\/dateModified\" >2023-09-14 18:45:37<\/span><span class='av-structured-data'  itemprop=\"mainEntityOfPage\" itemtype=\"https:\/\/schema.org\/mainEntityOfPage\" ><span itemprop='name'>Norma Brasileira sobre Paisagismo \u00e9 promulgada e passa a valer em todo o pa\u00eds<\/span><\/span><\/span><\/article><article class='slide-entry flex_column  post-entry post-entry-8894 slide-entry-overview slide-loop-2 slide-parity-even  av_one_half  real-thumbnail posttype-post post-format-standard'  itemscope=\"itemscope\" itemtype=\"https:\/\/schema.org\/BlogPosting\" itemprop=\"blogPost\" ><a href=\"https:\/\/archscape.com.br\/2024\/construcoes-sustentaveis-em-regioes-rurais\/\" data-rel=\"slide-1\" class=\"slide-image\" title=\"Constru\u00e7\u00f5es Sustent\u00e1veis em Regi\u00f5es Rurais, Montanhas e Florestas Nativas.\"><img decoding=\"async\" fetchpriority=\"high\" width=\"495\" height=\"400\" src=\"https:\/\/archscape.com.br\/2024\/wp-content\/uploads\/2023\/08\/permacultura-archscape-495x400.jpeg\" class=\"wp-image-8909 avia-img-lazy-loading-not-8909 attachment-portfolio size-portfolio wp-post-image\" alt=\"permacultura-archscape\" srcset=\"https:\/\/archscape.com.br\/2024\/wp-content\/uploads\/2023\/08\/permacultura-archscape-495x400.jpeg 495w, https:\/\/archscape.com.br\/2024\/wp-content\/uploads\/2023\/08\/permacultura-archscape-845x684.jpeg 845w\" sizes=\"(max-width: 495px) 100vw, 495px\" \/><\/a><div class=\"slide-content\"><header class=\"entry-content-header\"><h3 class='slide-entry-title entry-title '  itemprop=\"headline\" ><a href=\"https:\/\/archscape.com.br\/2024\/construcoes-sustentaveis-em-regioes-rurais\/\" title=\"Constru\u00e7\u00f5es Sustent\u00e1veis em Regi\u00f5es Rurais, Montanhas e Florestas Nativas.\">Constru\u00e7\u00f5es Sustent\u00e1veis em Regi\u00f5es Rurais, Montanhas e Florestas Nativas.<\/a><\/h3><span class=\"blog-categories minor-meta\"><a href=\"https:\/\/archscape.com.br\/2024\/category\/arquitetura\/\" rel=\"tag\">Arquitetura<\/a> <\/span><span class=\"av-vertical-delimiter\"><\/span><\/header><div class='slide-entry-excerpt entry-content'  itemprop=\"text\" >Quando se pensa em construir em regi\u00f5es rurais, regi\u00f5es de montanhas e \u00e1reas com florestas nativas, a quest\u00e3o das constru\u00e7\u00f5es sustent\u00e1veis e a sustentabilidade propriamente, torna-se uma quest\u00e3o fundamental, seja pelo impacto das t\u00e9cnicas\u2026<\/div><\/div><footer class=\"entry-footer\"><div class=\"slide-meta\"><time class='slide-meta-time updated'  itemprop=\"datePublished\" datetime=\"2023-08-10T09:23:58-03:00\" >10 de agosto de 2023<\/time><\/div><\/footer><span class='hidden'>\n\t\t\t\t<span class='av-structured-data'  itemprop=\"image\" itemscope=\"itemscope\" itemtype=\"https:\/\/schema.org\/ImageObject\" >\n\t\t\t\t\t\t<span itemprop='url'>https:\/\/archscape.com.br\/2024\/wp-content\/uploads\/2023\/08\/permacultura-archscape.jpeg<\/span>\n\t\t\t\t\t\t<span itemprop='height'>1080<\/span>\n\t\t\t\t\t\t<span itemprop='width'>1920<\/span>\n\t\t\t\t<\/span>\n\t\t\t\t<span class='av-structured-data'  itemprop=\"publisher\" itemtype=\"https:\/\/schema.org\/Organization\" itemscope=\"itemscope\" >\n\t\t\t\t\t\t<span itemprop='name'>archscape<\/span>\n\t\t\t\t\t\t<span itemprop='logo' itemscope itemtype='https:\/\/schema.org\/ImageObject'>\n\t\t\t\t\t\t\t<span itemprop='url'>https:\/\/archscape.com.br\/2024\/wp-content\/uploads\/2019\/12\/logo-archscape-preto-300x127.png<\/span>\n\t\t\t\t\t\t<\/span>\n\t\t\t\t<\/span><span class='av-structured-data'  itemprop=\"author\" itemscope=\"itemscope\" itemtype=\"https:\/\/schema.org\/Person\" ><span itemprop='name'>archscape<\/span><\/span><span class='av-structured-data'  itemprop=\"datePublished\" datetime=\"2023-09-29T10:05:09-03:00\" >2023-08-10 09:23:58<\/span><span class='av-structured-data'  itemprop=\"dateModified\" itemtype=\"https:\/\/schema.org\/dateModified\" >2023-08-10 09:23:58<\/span><span class='av-structured-data'  itemprop=\"mainEntityOfPage\" itemtype=\"https:\/\/schema.org\/mainEntityOfPage\" ><span itemprop='name'>Constru\u00e7\u00f5es Sustent\u00e1veis em Regi\u00f5es Rurais, Montanhas e Florestas Nativas.<\/span><\/span><\/span><\/article><\/div><div class=\"slide-entry-wrap\"><article class='slide-entry flex_column  post-entry post-entry-8845 slide-entry-overview slide-loop-3 slide-parity-odd  av_one_half first real-thumbnail posttype-post post-format-standard'  itemscope=\"itemscope\" itemtype=\"https:\/\/schema.org\/BlogPosting\" itemprop=\"blogPost\" ><a href=\"https:\/\/archscape.com.br\/2024\/transformando-espacos-urbanos-projeto-madrid-rio\/\" data-rel=\"slide-1\" class=\"slide-image\" title=\"Transformando Espa\u00e7os Urbanos: O Projeto Madrid Rio e as Perspectivas de Desenvolvimento Urbano\"><img decoding=\"async\" fetchpriority=\"high\" width=\"495\" height=\"400\" src=\"https:\/\/archscape.com.br\/2024\/wp-content\/uploads\/2023\/07\/WhatsApp-Image-2023-07-20-at-10.51.14-495x400.jpeg\" class=\"wp-image-8846 avia-img-lazy-loading-not-8846 attachment-portfolio size-portfolio wp-post-image\" alt=\"transformando espa\u00e7os urbanos\" \/><\/a><div class=\"slide-content\"><header class=\"entry-content-header\"><h3 class='slide-entry-title entry-title '  itemprop=\"headline\" ><a href=\"https:\/\/archscape.com.br\/2024\/transformando-espacos-urbanos-projeto-madrid-rio\/\" title=\"Transformando Espa\u00e7os Urbanos: O Projeto Madrid Rio e as Perspectivas de Desenvolvimento Urbano\">Transformando Espa\u00e7os Urbanos: O Projeto Madrid Rio e as Perspectivas de Desenvolvimento Urbano<\/a><\/h3><span class=\"blog-categories minor-meta\"><a href=\"https:\/\/archscape.com.br\/2024\/category\/arquitetura\/\" rel=\"tag\">Arquitetura<\/a> <\/span><span class=\"av-vertical-delimiter\"><\/span><\/header><div class='slide-entry-excerpt entry-content'  itemprop=\"text\" >O projeto Madrid Rio, realizado pelo renomado escrit\u00f3rio West 8, \u00e9 um marco inspirador de desenvolvimento de espa\u00e7os urbanos que revolucionou a paisagem e as perspectivas da cidade de Madri. Essa iniciativa inovadora consistiu na renova\u00e7\u00e3o\u2026<\/div><\/div><footer class=\"entry-footer\"><div class=\"slide-meta\"><time class='slide-meta-time updated'  itemprop=\"datePublished\" datetime=\"2023-07-24T22:40:38-03:00\" >24 de julho de 2023<\/time><\/div><\/footer><span class='hidden'>\n\t\t\t\t<span class='av-structured-data'  itemprop=\"image\" itemscope=\"itemscope\" itemtype=\"https:\/\/schema.org\/ImageObject\" >\n\t\t\t\t\t\t<span itemprop='url'>https:\/\/archscape.com.br\/2024\/wp-content\/uploads\/2023\/07\/WhatsApp-Image-2023-07-20-at-10.51.14.jpeg<\/span>\n\t\t\t\t\t\t<span itemprop='height'>442<\/span>\n\t\t\t\t\t\t<span itemprop='width'>640<\/span>\n\t\t\t\t<\/span>\n\t\t\t\t<span class='av-structured-data'  itemprop=\"publisher\" itemtype=\"https:\/\/schema.org\/Organization\" itemscope=\"itemscope\" >\n\t\t\t\t\t\t<span itemprop='name'>archscape<\/span>\n\t\t\t\t\t\t<span itemprop='logo' itemscope itemtype='https:\/\/schema.org\/ImageObject'>\n\t\t\t\t\t\t\t<span itemprop='url'>https:\/\/archscape.com.br\/2024\/wp-content\/uploads\/2019\/12\/logo-archscape-preto-300x127.png<\/span>\n\t\t\t\t\t\t<\/span>\n\t\t\t\t<\/span><span class='av-structured-data'  itemprop=\"author\" itemscope=\"itemscope\" itemtype=\"https:\/\/schema.org\/Person\" ><span itemprop='name'>archscape<\/span><\/span><span class='av-structured-data'  itemprop=\"datePublished\" datetime=\"2023-09-29T10:05:09-03:00\" >2023-07-24 22:40:38<\/span><span class='av-structured-data'  itemprop=\"dateModified\" itemtype=\"https:\/\/schema.org\/dateModified\" >2023-07-24 22:40:38<\/span><span class='av-structured-data'  itemprop=\"mainEntityOfPage\" itemtype=\"https:\/\/schema.org\/mainEntityOfPage\" ><span itemprop='name'>Transformando Espa\u00e7os Urbanos: O Projeto Madrid Rio e as Perspectivas de Desenvolvimento Urbano<\/span><\/span><\/span><\/article><article class='slide-entry flex_column  post-entry post-entry-8596 slide-entry-overview slide-loop-4 slide-parity-even  av_one_half  real-thumbnail posttype-post post-format-standard'  itemscope=\"itemscope\" itemtype=\"https:\/\/schema.org\/BlogPosting\" itemprop=\"blogPost\" ><a href=\"https:\/\/archscape.com.br\/2024\/arquitetura-paisagistica-mudancas-climaticas\/\" data-rel=\"slide-1\" class=\"slide-image\" title=\"Como a arquitetura paisag\u00edstica pode minimizar os efeitos das mudan\u00e7as clim\u00e1ticas?\"><img decoding=\"async\" fetchpriority=\"high\" width=\"495\" height=\"400\" src=\"https:\/\/archscape.com.br\/2024\/wp-content\/uploads\/2023\/04\/Arquitetura-paisagi\u0301stica-495x400.jpeg\" class=\"wp-image-8599 avia-img-lazy-loading-not-8599 attachment-portfolio size-portfolio wp-post-image\" alt=\"Arquitetura paisagi\u0301stica\" srcset=\"https:\/\/archscape.com.br\/2024\/wp-content\/uploads\/2023\/04\/Arquitetura-paisagi\u0301stica-495x400.jpeg 495w, https:\/\/archscape.com.br\/2024\/wp-content\/uploads\/2023\/04\/Arquitetura-paisagi\u0301stica-845x684.jpeg 845w\" sizes=\"(max-width: 495px) 100vw, 495px\" \/><\/a><div class=\"slide-content\"><header class=\"entry-content-header\"><h3 class='slide-entry-title entry-title '  itemprop=\"headline\" ><a href=\"https:\/\/archscape.com.br\/2024\/arquitetura-paisagistica-mudancas-climaticas\/\" title=\"Como a arquitetura paisag\u00edstica pode minimizar os efeitos das mudan\u00e7as clim\u00e1ticas?\">Como a arquitetura paisag\u00edstica pode minimizar os efeitos das mudan\u00e7as clim\u00e1ticas?<\/a><\/h3><span class=\"blog-categories minor-meta\"><a href=\"https:\/\/archscape.com.br\/2024\/category\/arquitetura\/\" rel=\"tag\">Arquitetura<\/a> <\/span><span class=\"av-vertical-delimiter\"><\/span><\/header><div class='slide-entry-excerpt entry-content'  itemprop=\"text\" >Voc\u00ea tem ideia de como a arquitetura paisag\u00edstica pode promover um impacto extremamente positivo de forma micro e macro? Muito al\u00e9m de uma est\u00e9tica que realmente \u00e9 atrativa, \u00e9 uma forma de ajudar o meio ambiente diretamente.\r\nO melhor\u2026<\/div><\/div><footer class=\"entry-footer\"><div class=\"slide-meta\"><time class='slide-meta-time updated'  itemprop=\"datePublished\" datetime=\"2023-04-18T08:56:35-03:00\" >18 de abril de 2023<\/time><\/div><\/footer><span class='hidden'>\n\t\t\t\t<span class='av-structured-data'  itemprop=\"image\" itemscope=\"itemscope\" itemtype=\"https:\/\/schema.org\/ImageObject\" >\n\t\t\t\t\t\t<span itemprop='url'>https:\/\/archscape.com.br\/2024\/wp-content\/uploads\/2023\/04\/Arquitetura-paisagi\u0301stica.jpeg<\/span>\n\t\t\t\t\t\t<span itemprop='height'>1080<\/span>\n\t\t\t\t\t\t<span itemprop='width'>1920<\/span>\n\t\t\t\t<\/span>\n\t\t\t\t<span class='av-structured-data'  itemprop=\"publisher\" itemtype=\"https:\/\/schema.org\/Organization\" itemscope=\"itemscope\" >\n\t\t\t\t\t\t<span itemprop='name'>archscape<\/span>\n\t\t\t\t\t\t<span itemprop='logo' itemscope itemtype='https:\/\/schema.org\/ImageObject'>\n\t\t\t\t\t\t\t<span itemprop='url'>https:\/\/archscape.com.br\/2024\/wp-content\/uploads\/2019\/12\/logo-archscape-preto-300x127.png<\/span>\n\t\t\t\t\t\t<\/span>\n\t\t\t\t<\/span><span class='av-structured-data'  itemprop=\"author\" itemscope=\"itemscope\" itemtype=\"https:\/\/schema.org\/Person\" ><span itemprop='name'>archscape<\/span><\/span><span class='av-structured-data'  itemprop=\"datePublished\" datetime=\"2023-09-29T10:05:09-03:00\" >2023-04-18 08:56:35<\/span><span class='av-structured-data'  itemprop=\"dateModified\" itemtype=\"https:\/\/schema.org\/dateModified\" >2023-04-17 18:40:46<\/span><span class='av-structured-data'  itemprop=\"mainEntityOfPage\" itemtype=\"https:\/\/schema.org\/mainEntityOfPage\" ><span itemprop='name'>Como a arquitetura paisag\u00edstica pode minimizar os efeitos das mudan\u00e7as clim\u00e1ticas?<\/span><\/span><\/span><\/article><\/div><div class=\"slide-entry-wrap\"><article class='slide-entry flex_column  post-entry post-entry-8585 slide-entry-overview slide-loop-5 slide-parity-odd  av_one_half first real-thumbnail posttype-post post-format-standard'  itemscope=\"itemscope\" itemtype=\"https:\/\/schema.org\/BlogPosting\" itemprop=\"blogPost\" ><a href=\"https:\/\/archscape.com.br\/2024\/permacultura-e-arquitetura-sustentavel\/\" data-rel=\"slide-1\" class=\"slide-image\" title=\"Permacultura e arquitetura sustent\u00e1vel\u00a0\"><img decoding=\"async\" fetchpriority=\"high\" width=\"495\" height=\"400\" src=\"https:\/\/archscape.com.br\/2024\/wp-content\/uploads\/2023\/04\/Screen-Shot-2023-04-17-at-18.53.10-495x400.jpg\" class=\"wp-image-8625 avia-img-lazy-loading-not-8625 attachment-portfolio size-portfolio wp-post-image\" alt=\"permacultura arquitetura\" \/><\/a><div class=\"slide-content\"><header class=\"entry-content-header\"><h3 class='slide-entry-title entry-title '  itemprop=\"headline\" ><a href=\"https:\/\/archscape.com.br\/2024\/permacultura-e-arquitetura-sustentavel\/\" title=\"Permacultura e arquitetura sustent\u00e1vel\u00a0\">Permacultura e arquitetura sustent\u00e1vel\u00a0<\/a><\/h3><span class=\"blog-categories minor-meta\"><a href=\"https:\/\/archscape.com.br\/2024\/category\/paisagismo\/\" rel=\"tag\">Paisagismo<\/a> <\/span><span class=\"av-vertical-delimiter\"><\/span><\/header><div class='slide-entry-excerpt entry-content'  itemprop=\"text\" >&nbsp;\r\n\r\nMeta-descri\u00e7\u00e3o: Voc\u00ea sabe o que \u00e9 permacultura e como isso pode agregar nos im\u00f3veis? Entenda o termo e descubra qual \u00e9 a rela\u00e7\u00e3o dele com o meio ambiente.\u00a0\r\nPermacultura e arquitetura sustent\u00e1vel\u00a0\r\nVoc\u00ea sabe o que \u00e9 permacultura?\u2026<\/div><\/div><footer class=\"entry-footer\"><div class=\"slide-meta\"><time class='slide-meta-time updated'  itemprop=\"datePublished\" datetime=\"2023-04-13T08:41:01-03:00\" >13 de abril de 2023<\/time><\/div><\/footer><span class='hidden'>\n\t\t\t\t<span class='av-structured-data'  itemprop=\"image\" itemscope=\"itemscope\" itemtype=\"https:\/\/schema.org\/ImageObject\" >\n\t\t\t\t\t\t<span itemprop='url'>https:\/\/archscape.com.br\/2024\/wp-content\/uploads\/2023\/04\/Screen-Shot-2023-04-17-at-18.53.10.jpg<\/span>\n\t\t\t\t\t\t<span itemprop='height'>613<\/span>\n\t\t\t\t\t\t<span itemprop='width'>907<\/span>\n\t\t\t\t<\/span>\n\t\t\t\t<span class='av-structured-data'  itemprop=\"publisher\" itemtype=\"https:\/\/schema.org\/Organization\" itemscope=\"itemscope\" >\n\t\t\t\t\t\t<span itemprop='name'>archscape<\/span>\n\t\t\t\t\t\t<span itemprop='logo' itemscope itemtype='https:\/\/schema.org\/ImageObject'>\n\t\t\t\t\t\t\t<span itemprop='url'>https:\/\/archscape.com.br\/2024\/wp-content\/uploads\/2019\/12\/logo-archscape-preto-300x127.png<\/span>\n\t\t\t\t\t\t<\/span>\n\t\t\t\t<\/span><span class='av-structured-data'  itemprop=\"author\" itemscope=\"itemscope\" itemtype=\"https:\/\/schema.org\/Person\" ><span itemprop='name'>archscape<\/span><\/span><span class='av-structured-data'  itemprop=\"datePublished\" datetime=\"2023-09-29T10:05:09-03:00\" >2023-04-13 08:41:01<\/span><span class='av-structured-data'  itemprop=\"dateModified\" itemtype=\"https:\/\/schema.org\/dateModified\" >2023-04-17 18:54:17<\/span><span class='av-structured-data'  itemprop=\"mainEntityOfPage\" itemtype=\"https:\/\/schema.org\/mainEntityOfPage\" ><span itemprop='name'>Permacultura e arquitetura sustent\u00e1vel\u00a0<\/span><\/span><\/span><\/article><article class='slide-entry flex_column  post-entry post-entry-8448 slide-entry-overview slide-loop-6 slide-parity-even  post-entry-last  av_one_half  real-thumbnail posttype-post post-format-standard'  itemscope=\"itemscope\" itemtype=\"https:\/\/schema.org\/BlogPosting\" itemprop=\"blogPost\" ><a href=\"https:\/\/archscape.com.br\/2024\/casas-de-campo-do-rustico-ao-moderno-o-que-solicitar-na-hora-do-projeto-arquitetonico\/\" data-rel=\"slide-1\" class=\"slide-image\" title=\"Casas de campo, do r\u00fastico ao moderno, o que solicitar na hora do projeto arquitet\u00f4nico?\"><img decoding=\"async\" fetchpriority=\"high\" width=\"495\" height=\"400\" src=\"https:\/\/archscape.com.br\/2024\/wp-content\/uploads\/2023\/03\/4_FACHADA-FUNDO-495x400.jpeg\" class=\"wp-image-8444 avia-img-lazy-loading-not-8444 attachment-portfolio size-portfolio wp-post-image\" alt=\"Casas de campo\" srcset=\"https:\/\/archscape.com.br\/2024\/wp-content\/uploads\/2023\/03\/4_FACHADA-FUNDO-495x400.jpeg 495w, https:\/\/archscape.com.br\/2024\/wp-content\/uploads\/2023\/03\/4_FACHADA-FUNDO-845x684.jpeg 845w\" sizes=\"(max-width: 495px) 100vw, 495px\" \/><\/a><div class=\"slide-content\"><header class=\"entry-content-header\"><h3 class='slide-entry-title entry-title '  itemprop=\"headline\" ><a href=\"https:\/\/archscape.com.br\/2024\/casas-de-campo-do-rustico-ao-moderno-o-que-solicitar-na-hora-do-projeto-arquitetonico\/\" title=\"Casas de campo, do r\u00fastico ao moderno, o que solicitar na hora do projeto arquitet\u00f4nico?\">Casas de campo, do r\u00fastico ao moderno, o que solicitar na hora do projeto arquitet\u00f4nico?<\/a><\/h3><span class=\"blog-categories minor-meta\"><a href=\"https:\/\/archscape.com.br\/2024\/category\/casa-de-campo\/\" rel=\"tag\">Casa de Campo<\/a> <\/span><span class=\"av-vertical-delimiter\"><\/span><\/header><div class='slide-entry-excerpt entry-content'  itemprop=\"text\" >O planejamento de uma constru\u00e7\u00e3o de casas de campo envolve muitas etapas, come\u00e7ando pela compra do terreno, escolha arquiteto para desenvolver o projeto, aprova\u00e7\u00e3o dos \u00f3rg\u00e3os competentes, per\u00edodo das obras, sua conclus\u00e3o e acerto de\u2026<\/div><\/div><footer class=\"entry-footer\"><div class=\"slide-meta\"><time class='slide-meta-time updated'  itemprop=\"datePublished\" datetime=\"2023-03-15T08:45:39-03:00\" >15 de mar\u00e7o de 2023<\/time><\/div><\/footer><span class='hidden'>\n\t\t\t\t<span class='av-structured-data'  itemprop=\"image\" itemscope=\"itemscope\" itemtype=\"https:\/\/schema.org\/ImageObject\" >\n\t\t\t\t\t\t<span itemprop='url'>https:\/\/archscape.com.br\/2024\/wp-content\/uploads\/2023\/03\/4_FACHADA-FUNDO-scaled.jpeg<\/span>\n\t\t\t\t\t\t<span itemprop='height'>1440<\/span>\n\t\t\t\t\t\t<span itemprop='width'>2560<\/span>\n\t\t\t\t<\/span>\n\t\t\t\t<span class='av-structured-data'  itemprop=\"publisher\" itemtype=\"https:\/\/schema.org\/Organization\" itemscope=\"itemscope\" >\n\t\t\t\t\t\t<span itemprop='name'>archscape<\/span>\n\t\t\t\t\t\t<span itemprop='logo' itemscope itemtype='https:\/\/schema.org\/ImageObject'>\n\t\t\t\t\t\t\t<span itemprop='url'>https:\/\/archscape.com.br\/2024\/wp-content\/uploads\/2019\/12\/logo-archscape-preto-300x127.png<\/span>\n\t\t\t\t\t\t<\/span>\n\t\t\t\t<\/span><span class='av-structured-data'  itemprop=\"author\" itemscope=\"itemscope\" itemtype=\"https:\/\/schema.org\/Person\" ><span itemprop='name'>archscape<\/span><\/span><span class='av-structured-data'  itemprop=\"datePublished\" datetime=\"2023-09-29T10:05:09-03:00\" >2023-03-15 08:45:39<\/span><span class='av-structured-data'  itemprop=\"dateModified\" itemtype=\"https:\/\/schema.org\/dateModified\" >2023-03-05 20:48:46<\/span><span class='av-structured-data'  itemprop=\"mainEntityOfPage\" itemtype=\"https:\/\/schema.org\/mainEntityOfPage\" ><span itemprop='name'>Casas de campo, do r\u00fastico ao moderno, o que solicitar na hora do projeto arquitet\u00f4nico?<\/span><\/span><\/span><\/article><\/div><\/div><div class='pagination-wrap pagination-slider'><nav class='pagination'><span class='pagination-meta'>P\u00e1gina 1 de 12<\/span><span class='current'>1<\/span><a href=\"https:\/\/archscape.com.br\/2024\/wp-json\/wp\/v2\/pages\/600\/?avia-element-paging=2\" class=\"inactive next_page\">2<\/a><a href=\"https:\/\/archscape.com.br\/2024\/wp-json\/wp\/v2\/pages\/600\/?avia-element-paging=3\" class=\"inactive\">3<\/a><a href=\"https:\/\/archscape.com.br\/2024\/wp-json\/wp\/v2\/pages\/600\/?avia-element-paging=2\">&rsaquo;<\/a><a href=\"https:\/\/archscape.com.br\/2024\/wp-json\/wp\/v2\/pages\/600\/?avia-element-paging=12\">&raquo;<\/a><\/nav>\n<\/div><\/div>\n","protected":false},"excerpt":{"rendered":"","protected":false},"author":3,"featured_media":5845,"parent":0,"menu_order":0,"comment_status":"closed","ping_status":"closed","template":"","meta":{"footnotes":""},"class_list":["post-600","page","type-page","status-publish","has-post-thumbnail","hentry"],"_links":{"self":[{"href":"https:\/\/archscape.com.br\/2024\/wp-json\/wp\/v2\/pages\/600","targetHints":{"allow":["GET"]}}],"collection":[{"href":"https:\/\/archscape.com.br\/2024\/wp-json\/wp\/v2\/pages"}],"about":[{"href":"https:\/\/archscape.com.br\/2024\/wp-json\/wp\/v2\/types\/page"}],"author":[{"embeddable":true,"href":"https:\/\/archscape.com.br\/2024\/wp-json\/wp\/v2\/users\/3"}],"replies":[{"embeddable":true,"href":"https:\/\/archscape.com.br\/2024\/wp-json\/wp\/v2\/comments?post=600"}],"version-history":[{"count":0,"href":"https:\/\/archscape.com.br\/2024\/wp-json\/wp\/v2\/pages\/600\/revisions"}],"wp:featuredmedia":[{"embeddable":true,"href":"https:\/\/archscape.com.br\/2024\/wp-json\/wp\/v2\/media\/5845"}],"wp:attachment":[{"href":"https:\/\/archscape.com.br\/2024\/wp-json\/wp\/v2\/media?parent=600"}],"curies":[{"name":"wp","href":"https:\/\/api.w.org\/{rel}","templated":true}]}}